{"id":104,"date":"2022-07-20T11:29:07","date_gmt":"2022-07-20T11:29:07","guid":{"rendered":"https:\/\/inc.erasmus.site\/?page_id=104"},"modified":"2022-12-19T17:59:29","modified_gmt":"2022-12-19T17:59:29","slug":"project-partners","status":"publish","type":"page","link":"https:\/\/inc.erasmus.site\/pl\/project-partners\/","title":{"rendered":"Partnerzy"},"content":{"rendered":"<p><\/p>\n<h3 style=\"text-align: center;\"><img fetchpriority=\"high\" decoding=\"async\" class=\"alignnone size-full wp-image-89\" src=\"https:\/\/inc.erasmus.site\/wp-content\/uploads\/2022\/07\/cnip.png\" alt=\"\" width=\"300\" height=\"300\" srcset=\"https:\/\/inc.erasmus.site\/wp-content\/uploads\/2022\/07\/cnip.png 300w, https:\/\/inc.erasmus.site\/wp-content\/uploads\/2022\/07\/cnip-150x150.png 150w, https:\/\/inc.erasmus.site\/wp-content\/uploads\/2022\/07\/cnip-24x24.png 24w, https:\/\/inc.erasmus.site\/wp-content\/uploads\/2022\/07\/cnip-36x36.png 36w, https:\/\/inc.erasmus.site\/wp-content\/uploads\/2022\/07\/cnip-48x48.png 48w\" sizes=\"(max-width: 300px) 100vw, 300px\" \/><br \/>\n<strong>C.N.I.P.M.M.R. Arad \u2013 Rumunia <\/strong><\/h3>\n<p>Krajowa Rada Prywatnych Ma\u0142ych i \u015arednich Przedsi\u0119biorstw w Rumunii \u2013 oddzia\u0142 w Arad (C.N.I.P.M.M.R. Arad) zosta\u0142a za\u0142o\u017cona w 2004 roku, jako regionalna konfederacja przedstawicielska o statusie prawnym, niezale\u017cnym, niekomercyjnym i apolitycznym.<\/p>\n<p>Jej celem, ustanowionym 18 lat temu, jest reprezentowanie interes\u00f3w ma\u0142ych i \u015brednich przedsi\u0119biorstw z Aradu oraz stowarzysze\u0144 patronackich na poziomie lokalnym, regionalnym, krajowym i mi\u0119dzynarodowym. W sk\u0142ad tych dzia\u0142a\u0144 wchodzi promowanie i wspieranie rozwoju przedsi\u0119biorczo\u015bci oraz zwi\u0119kszanie konkurencyjno\u015bci \u015brodowiska biznesowego w zachodniej Rumunii.<\/p>\n<p>C.N.I.P.M.M.R. Arad prowadzi zar\u00f3wno dzia\u0142alno\u015b\u0107 przedstawicielsk\u0105, jak i doradcz\u0105 na rzecz ma\u0142ych i \u015brednich przedsi\u0119biorstw, a przede wszystkim na rzecz firm cz\u0142onkowskich. Dzi\u0119ki jej ogromnemu\u00a0 do\u015bwiadczeniu, organizacja z powodzeniem wdro\u017cy\u0142a 25 projekt\u00f3w finansowanych ze \u015brodk\u00f3w europejskich o \u0142\u0105cznej warto\u015bci ponad 5,5 mln euro, przyczyniaj\u0105c si\u0119 tym samym do rozwoju zasob\u00f3w ludzkich poprzez zapewnienie szkole\u0144 zawodowych dla pracownik\u00f3w firm. Kolejnym sukcesem organizacji, jest wspieranie zak\u0142adania nowych firm, dzi\u0119ki czemu C.N.I.P.M.M.R. Arad zdecydowanie przyczyni\u0142o si\u0119 do rozwoju przedsi\u0119biorczo\u015bci w zachodniej Rumunii.<\/p>\n<p>Ci\u0105g\u0142e zainteresowanie rozwojem lokalnej spo\u0142eczno\u015bci biznesowej, pozwoli\u0142o C.N.I.P.M.M.R. Arad na rozwini\u0119cie szerokiej sieci kontakt\u00f3w ze stowarzyszeniami na ca\u0142ym \u015bwiecie. Wraz ze swoimi partnerami, chc\u0105 dotrze\u0107 do wszystkich zainteresowanych stron zaanga\u017cowanych w aktualny post\u0119p gospodarczy i spo\u0142eczny oraz rozw\u00f3j innowacji.<\/p>\n<p><strong>Media spo\u0142eczno\u015bciowe<\/strong>:<\/p>\n<p>Facebook:\u00a0<a href=\"https:\/\/www.facebook.com\/cnipmmr.arad\">https:\/\/www.facebook.com\/cnipmmr.arad<\/a><\/p>\n<p>LinkedIn: <a href=\"https:\/\/www.linkedin.com\/in\/cnipmmr-arad-24338842\/\">https:\/\/www.linkedin.com\/in\/cnipmmr-arad-24338842\/<\/a><\/p>\n<hr \/>\n<h3 style=\"text-align: center;\"><img decoding=\"async\" class=\"alignnone wp-image-90 size-full\" src=\"https:\/\/inc.erasmus.site\/wp-content\/uploads\/2022\/07\/ades.png\" alt=\"\" width=\"300\" height=\"300\" srcset=\"https:\/\/inc.erasmus.site\/wp-content\/uploads\/2022\/07\/ades.png 300w, https:\/\/inc.erasmus.site\/wp-content\/uploads\/2022\/07\/ades-150x150.png 150w, https:\/\/inc.erasmus.site\/wp-content\/uploads\/2022\/07\/ades-24x24.png 24w, https:\/\/inc.erasmus.site\/wp-content\/uploads\/2022\/07\/ades-36x36.png 36w, https:\/\/inc.erasmus.site\/wp-content\/uploads\/2022\/07\/ades-48x48.png 48w\" sizes=\"(max-width: 300px) 100vw, 300px\" \/><br \/>\n<strong>ADES &#8211; Rumunia<br \/>\n<\/strong><\/h3>\n<p>ADES (Association for Economic and Social Development), to pochodz\u0105ca z Curtea de Arges organizacja non-profit, zarejestrowana w czerwcu 1995. Misj\u0105 ADES-u jest pomoc w tworzeniu sprzyjaj\u0105cych warunk\u00f3w spo\u0142ecznych i ekonomicznych w Rumunii, w profesjonalny, etyczny i odpowiedzialny spos\u00f3b.<\/p>\n<p>Misja ta jest realizowana poprzez d\u0105\u017cenie do nast\u0119puj\u0105cych cel\u00f3w: rozw\u00f3j umiej\u0119tno\u015bci zawodowych i zwi\u0119kszanie efektywno\u015bci pracy, wspieranie M\u015aP w rozwoju i ekspansji rynkowej, polepszenie warunk\u00f3w spo\u0142ecznych i ekonomicznych w spo\u0142eczno\u015bciach lokalnych.<\/p>\n<p>Od 1995, ADES z powodzeniem opracowa\u0142 i wdro\u017cy\u0142 ponad 30 projekt\u00f3w, finansowanych z funduszy UE, Banku \u015awiatowego, Ambasady USA, Europejskiego Programu Rozwoju Biznesu, Fundacji na rzecz spo\u0142ecze\u0144stwa otwartego, czy organizacji charytatywnej Know How Fund. ADES \u015bci\u015ble wsp\u00f3\u0142pracuje ze spo\u0142eczno\u015bciami lokalnymi, wyszukuj\u0105c \u017ar\u00f3d\u0142a finansowania i wspieraj\u0105c partner\u00f3w w realizacji projekt\u00f3w dotycz\u0105cych rozwoju spo\u0142eczno-ekonomicznego. Partnerzy ADES to lokalne w\u0142adze samorz\u0105dowe, przedsi\u0119biorstwa, organizacje NGO oraz szko\u0142y.<\/p>\n<p><strong>Strona internetowa<\/strong>: <a href=\"https:\/\/www.facebook.com\/ADESCDA\/\">www.facebook.com\/ADESCDA\/<\/a> lub <a href=\"https:\/\/www.linkedin.com\/company\/43363632\">https:\/\/www.linkedin.com\/company\/43363632<\/a>.<\/p>\n<hr \/>\n<h3 style=\"text-align: center;\"><img decoding=\"async\" class=\"alignnone wp-image-91 size-full\" src=\"https:\/\/inc.erasmus.site\/wp-content\/uploads\/2022\/07\/danmar.png\" alt=\"\" width=\"300\" height=\"300\" srcset=\"https:\/\/inc.erasmus.site\/wp-content\/uploads\/2022\/07\/danmar.png 300w, https:\/\/inc.erasmus.site\/wp-content\/uploads\/2022\/07\/danmar-150x150.png 150w, https:\/\/inc.erasmus.site\/wp-content\/uploads\/2022\/07\/danmar-24x24.png 24w, https:\/\/inc.erasmus.site\/wp-content\/uploads\/2022\/07\/danmar-36x36.png 36w, https:\/\/inc.erasmus.site\/wp-content\/uploads\/2022\/07\/danmar-48x48.png 48w\" sizes=\"(max-width: 300px) 100vw, 300px\" \/><br \/>\n<strong>Danmar Computers \u2013 Polska<br \/>\n<\/strong><\/h3>\n<p>Danmar Computers Sp. z o.o. jest prywatn\u0105 firm\u0105 dzia\u0142aj\u0105c\u0105 w obszarze Technologii Informacyjnych, tak\u017ce oferuj\u0105c\u0105 szkolenia zawodowe w tym zakresie. Danmar Computers posiada bogate do\u015bwiadczenie w opracowywaniu nowoczesnych stron internetowych oraz aplikacji mobilnych, wykorzystywanych g\u0142\u00f3wne w celach edukacyjnych. Pracownicy firmy maj\u0105 do\u015bwiadczenie w pracy nad projektami europejskimi, w tym w prowadzeniu bada\u0144 i opracowywaniu materia\u0142\u00f3w szkoleniowych dostosowanych do potrzeb u\u017cytkownik\u00f3w. W przeci\u0105gu 22 lat dzia\u0142alno\u015bci, Danmar Computers uczestniczy\u0142 w realizacji ponad 100 projekt\u00f3w w ramach program\u00f3w Grundtvig, Leonardo da Vinci, Progress i obecnie Erasmus+.<\/p>\n<p>W wielu projektach, firma Danmar Computers odpowiedzialna by\u0142a za opracowanie i koordynowanie strategi\u0105 upowszechniania. Firma jest autorem i dostawc\u0105 systemu do zarz\u0105dzania projektami europejskimi AdminProject (adminproject.eu), cz\u0119sto u\u017cywanym w projektach. Dzia\u0142alno\u015b\u0107 firmy oparta jest na dobrze ugruntowanej sieci wsp\u00f3\u0142pracy z podmiotami krajowymi, w tym organizacjami szkoleniowo-doradczymi, szko\u0142ami, uniwersytetami, instytucjami publicznymi oraz firmami z sektora prywatnego, a tak\u017ce zagranicznymi \u2013 partnerami z r\u00f3\u017cnych kraj\u00f3w UE. Misj\u0105 Danmar Computers jest promocja uczenia si\u0119 przez ca\u0142e \u017cycie i zapewnienie ka\u017cdemu r\u00f3wnego dost\u0119pu do edukacji za pomoc\u0105 nowoczesnych technologii.<\/p>\n<p><strong>Strona internetowa:<\/strong><\/p>\n<p><a href=\"https:\/\/danmar-computers.com.pl\">https:\/\/danmar-computers.com.pl<\/a><\/p>\n<p><strong>Media spo\u0142eczno\u015bciowe<\/strong>:<\/p>\n<p>Facebook: <a href=\"https:\/\/www.facebook.com\/pages\/Danmar-Computers\/144597388897753\">https:\/\/www.facebook.com\/pages\/Danmar-Computers\/144597388897753<\/a><\/p>\n<p>LinkedIn: <a href=\"https:\/\/www.linkedin.com\/company\/danmar-computers\">https:\/\/www.linkedin.com\/company\/danmar-computers<\/a><\/p>\n<p>Twitter: <a href=\"https:\/\/twitter.com\/DanmarComputers\">https:\/\/twitter.com\/DanmarComputers<\/a><\/p>\n<hr \/>\n<h3 style=\"text-align: center;\"><img loading=\"lazy\" decoding=\"async\" class=\"alignnone wp-image-92 size-full\" src=\"https:\/\/inc.erasmus.site\/wp-content\/uploads\/2022\/07\/ed.png\" alt=\"\" width=\"300\" height=\"300\" srcset=\"https:\/\/inc.erasmus.site\/wp-content\/uploads\/2022\/07\/ed.png 300w, https:\/\/inc.erasmus.site\/wp-content\/uploads\/2022\/07\/ed-150x150.png 150w, https:\/\/inc.erasmus.site\/wp-content\/uploads\/2022\/07\/ed-24x24.png 24w, https:\/\/inc.erasmus.site\/wp-content\/uploads\/2022\/07\/ed-36x36.png 36w, https:\/\/inc.erasmus.site\/wp-content\/uploads\/2022\/07\/ed-48x48.png 48w\" sizes=\"(max-width: 300px) 100vw, 300px\" \/><br \/>\n<strong>E&amp;D &#8211; Portugalia<br \/>\n<\/strong><\/h3>\n<p>E&amp;D Knowledge Consulting jest firm\u0105 doradcz\u0105 i szkoleniow\u0105 specjalizuj\u0105c\u0105 si\u0119 we wspieraniu rozwoju kompetencji potrzebnych do promowania innowacji w biznesie, sektorze publicznym i spo\u0142ecznym. Zapewniaj\u0105 mened\u017cerom i przedsi\u0119biorcom odpowiednie kompetencje, wiedz\u0119 i narz\u0119dzia potrzebne do skutecznego wdra\u017cania i realizacji innowacyjnych strategii w ich organizacjach, a tak\u017ce do wspierania innowacyjnych rozwi\u0105za\u0144 w ich otoczeniu. E&amp;D wspiera organizacje w uczynieniu innowacji cz\u0119\u015bci\u0105 ich DNA &#8211; od audytu innowacyjno\u015bci, poprzez doradztwo w zakresie definiowania i wdra\u017cania innowacyjnych strategii, a\u017c po rozw\u00f3j proces\u00f3w i mechanizm\u00f3w innowacyjnych dostosowanych do indywidualnych potrzeb organizacji.<\/p>\n<p>Wsparcie oferowane przez E&amp;D jest indywidualnie definiowane w oparciu o specyficzne potrzeby ka\u017cdej organizacji. Najcz\u0119stsze dzia\u0142ania obejmuj\u0105:<\/p>\n<ul>\n<li>Kszta\u0142towanie w\u0142a\u015bciwego rozumienia innowacji w\u015br\u00f3d pracownik\u00f3w sektor\u00f3w o niskim stopniu zaawansowania technologicznego oraz ich zdolno\u015bci do wdra\u017cania procesu innowacji i przekszta\u0142cania wysi\u0142k\u00f3w innowacyjnych w zyski.<\/li>\n<li>Rozw\u00f3j i opracowywanie innowacyjnych modeli biznesowych.<\/li>\n<li>Wsparcie dla proces\u00f3w tw\u00f3rczych i formowania innowacyjnych pomys\u0142\u00f3w.<\/li>\n<li>Rozw\u00f3j innowacyjnego my\u015blenia w\u015br\u00f3d jednostek i w organizacji.<\/li>\n<li>Rozw\u00f3j mechanizm\u00f3w i kultury innowacyjno\u015bci.<\/li>\n<li>Doskonalenie umiej\u0119tno\u015bci przedsi\u0119biorczych i mi\u0119kkich.<\/li>\n<li>Wsp\u00f3\u0142praca na rzecz innowacji (umiej\u0119tno\u015bci, mechanizmy i narz\u0119dzia do budowania relacji i tworzenia otwartych innowacji).<\/li>\n<\/ul>\n<p><strong>Strona internetowa:<\/strong><\/p>\n<p><a href=\"http:\/\/www.ed-knowledgeconsulting.com\/\">www.ed-knowledgeconsulting.com\/<\/a><\/p>\n<p>LinkedIn &#8211; <a href=\"https:\/\/www.linkedin.com\/company\/17921189\/\">https:\/\/www.linkedin.com\/company\/17921189\/<\/a><\/p>\n<p>FB &#8211; <a href=\"https:\/\/www.facebook.com\/EDKnowledgeConsulting\">https:\/\/www.facebook.com\/EDKnowledgeConsulting<\/a><\/p>\n<hr \/>\n<h3 style=\"text-align: center;\"><img loading=\"lazy\" decoding=\"async\" class=\"alignnone wp-image-93 size-full\" src=\"https:\/\/inc.erasmus.site\/wp-content\/uploads\/2022\/07\/inno.png\" alt=\"\" width=\"300\" height=\"300\" srcset=\"https:\/\/inc.erasmus.site\/wp-content\/uploads\/2022\/07\/inno.png 300w, https:\/\/inc.erasmus.site\/wp-content\/uploads\/2022\/07\/inno-150x150.png 150w, https:\/\/inc.erasmus.site\/wp-content\/uploads\/2022\/07\/inno-24x24.png 24w, https:\/\/inc.erasmus.site\/wp-content\/uploads\/2022\/07\/inno-36x36.png 36w, https:\/\/inc.erasmus.site\/wp-content\/uploads\/2022\/07\/inno-48x48.png 48w\" sizes=\"(max-width: 300px) 100vw, 300px\" \/><br \/>\n<strong>Valencia INNO HUB &#8211; Hiszpania<br \/>\n<\/strong><\/h3>\n<p>Valencia Inno Hub jest hiszpa\u0144sk\u0105 organizacj\u0105 non-profit, kt\u00f3rej celem jest \u0142\u0105czenie talent\u00f3w i technologii oraz wspieranie mo\u017cliwo\u015bci zatrudnienia i przedsi\u0119biorczo\u015bci w\u015br\u00f3d spo\u0142eczno\u015bci Walencji. Poprzez mentoring i szkolenia INNO HUB wspiera przedsi\u0119biorc\u00f3w, Start-Upy, a tak\u017ce osoby z grup znajduj\u0105cych si\u0119 w niekorzystnej sytuacji, kt\u00f3re borykaj\u0105 si\u0119 z r\u00f3\u017cnymi czynnikami wykluczenia: m\u0142odzie\u017c i doro\u015bli z trudno\u015bciami edukacyjnymi, bezrobotni oraz migranci. INNOHUB podejmuje wiele dzia\u0142a\u0144, maj\u0105cych pom\u00f3c firmom\/osobom indywidualnym w osi\u0105gni\u0119ciu ich cel\u00f3w.<\/p>\n<p>Oferuje warsztaty, szkolenia, seminaria i tworzenie sieci kontakt\u00f3w dla konkretnej tematyki, zw\u0142aszcza dotycz\u0105cej zarz\u0105dzania, rozwoju biznesu, umiej\u0119tno\u015bci mi\u0119kkich, przedsi\u0119biorczo\u015bci, modeli biznesowych, innowacji, internacjonalizacji czy finansowania;<\/p>\n<ul>\n<li>Promuje wsp\u00f3\u0142prac\u0119 technologiczn\u0105 i innowacyjn\u0105;<\/li>\n<li>Wspiera grupy znajduj\u0105ce si\u0119 w niekorzystnej sytuacji i chc\u0105ce zosta\u0107 przedsi\u0119biorcami, na przyk\u0142ad przez zwi\u0119kszanie ich umiej\u0119tno\u015bci przedsi\u0119biorczych;<\/li>\n<li>U\u0142atwia dost\u0119p do finansowania bada\u0144, rozwoju i innowacji;<\/li>\n<li>Zapewnia pomoc zwi\u0105zan\u0105 z doradztwem zawodowym.<\/li>\n<\/ul>\n<p>Obecnie Innohub wsp\u00f3\u0142pracuje z szerokim gronem podmiot\u00f3w gospodarczych, zar\u00f3wno publicznych, jak i prywatnych.\u00a0 W ci\u0105gu ostatnich lat Innohub zdoby\u0142 istotne do\u015bwiadczenie w realizacji projekt\u00f3w unijnych, co umo\u017cliwi\u0142o dotarcie do wi\u0119kszej liczby os\u00f3b i organizacji, kt\u00f3re mog\u0105 skorzysta\u0107 z ich us\u0142ug. Pozwoli\u0142o to r\u00f3wnie\u017c na poszerzenie lokalnej, krajowej i mi\u0119dzynarodowej sieci kontakt\u00f3w, kt\u00f3ra poszerza mo\u017cliwo\u015bci stowarzyszenia w jego codziennej dzia\u0142alno\u015bci.<\/p>\n<p>&nbsp;<\/p>\n<p><strong>Strona internetowa:<\/strong> <a href=\"http:\/\/www.valenciainnohub.com\/\">www.valenciainnohub.com<\/a><\/p>\n<p><strong>Media spo\u0142eczno\u015bciowe: <\/strong><\/p>\n<ul>\n<li>Facebook: <a href=\"https:\/\/www.facebook.com\/valenciainnohub\">https:\/\/www.facebook.com\/valenciainnohub<\/a><\/li>\n<li>LinkedIn: <a href=\"https:\/\/www.linkedin.com\/company\/54107639\/\">https:\/\/www.linkedin.com\/company\/54107639\/<\/a><\/li>\n<\/ul>\n<p><\/p>","protected":false},"excerpt":{"rendered":"<p>C.N.I.P.M.M.R. Arad \u2013 Rumunia Krajowa Rada Prywatnych Ma\u0142ych i \u015arednich Przedsi\u0119biorstw w Rumunii \u2013 oddzia\u0142 w Arad (C.N.I.P.M.M.R. Arad) zosta\u0142a za\u0142o\u017cona w 2004 roku, jako regionalna konfederacja przedstawicielska o statusie prawnym, niezale\u017cnym, niekomercyjnym i apolitycznym. Jej celem, ustanowionym 18 lat temu, jest reprezentowanie interes\u00f3w ma\u0142ych i \u015brednich przedsi\u0119biorstw z Aradu oraz stowarzysze\u0144 patronackich na poziomie&hellip;&nbsp;<a href=\"https:\/\/inc.erasmus.site\/pl\/project-partners\/\" rel=\"bookmark\">Dowiedz si\u0119 wi\u0119cej &raquo;<span class=\"screen-reader-text\">Partnerzy<\/span><\/a><\/p>\n","protected":false},"author":1,"featured_media":106,"parent":0,"menu_order":0,"comment_status":"closed","ping_status":"closed","template":"","meta":{"neve_meta_sidebar":"","neve_meta_container":"","neve_meta_enable_content_width":"off","neve_meta_content_width":100,"neve_meta_title_alignment":"","neve_meta_author_avatar":"","neve_post_elements_order":"","neve_meta_disable_header":"","neve_meta_disable_footer":"","neve_meta_disable_title":"","footnotes":""},"class_list":["post-104","page","type-page","status-publish","has-post-thumbnail","hentry"],"_links":{"self":[{"href":"https:\/\/inc.erasmus.site\/pl\/wp-json\/wp\/v2\/pages\/104","targetHints":{"allow":["GET"]}}],"collection":[{"href":"https:\/\/inc.erasmus.site\/pl\/wp-json\/wp\/v2\/pages"}],"about":[{"href":"https:\/\/inc.erasmus.site\/pl\/wp-json\/wp\/v2\/types\/page"}],"author":[{"embeddable":true,"href":"https:\/\/inc.erasmus.site\/pl\/wp-json\/wp\/v2\/users\/1"}],"replies":[{"embeddable":true,"href":"https:\/\/inc.erasmus.site\/pl\/wp-json\/wp\/v2\/comments?post=104"}],"version-history":[{"count":9,"href":"https:\/\/inc.erasmus.site\/pl\/wp-json\/wp\/v2\/pages\/104\/revisions"}],"predecessor-version":[{"id":279,"href":"https:\/\/inc.erasmus.site\/pl\/wp-json\/wp\/v2\/pages\/104\/revisions\/279"}],"wp:featuredmedia":[{"embeddable":true,"href":"https:\/\/inc.erasmus.site\/pl\/wp-json\/wp\/v2\/media\/106"}],"wp:attachment":[{"href":"https:\/\/inc.erasmus.site\/pl\/wp-json\/wp\/v2\/media?parent=104"}],"curies":[{"name":"wp","href":"https:\/\/api.w.org\/{rel}","templated":true}]}}