{"id":104,"date":"2022-07-20T11:29:07","date_gmt":"2022-07-20T11:29:07","guid":{"rendered":"https:\/\/inc.erasmus.site\/?page_id=104"},"modified":"2022-12-19T17:59:29","modified_gmt":"2022-12-19T17:59:29","slug":"project-partners","status":"publish","type":"page","link":"https:\/\/inc.erasmus.site\/pt\/project-partners\/","title":{"rendered":"Parceiros"},"content":{"rendered":"<p><\/p>\n<h3 style=\"text-align: center;\"><img fetchpriority=\"high\" decoding=\"async\" class=\"alignnone size-full wp-image-89\" src=\"https:\/\/inc.erasmus.site\/wp-content\/uploads\/2022\/07\/cnip.png\" alt=\"\" width=\"300\" height=\"300\" srcset=\"https:\/\/inc.erasmus.site\/wp-content\/uploads\/2022\/07\/cnip.png 300w, https:\/\/inc.erasmus.site\/wp-content\/uploads\/2022\/07\/cnip-150x150.png 150w, https:\/\/inc.erasmus.site\/wp-content\/uploads\/2022\/07\/cnip-24x24.png 24w, https:\/\/inc.erasmus.site\/wp-content\/uploads\/2022\/07\/cnip-36x36.png 36w, https:\/\/inc.erasmus.site\/wp-content\/uploads\/2022\/07\/cnip-48x48.png 48w\" sizes=\"(max-width: 300px) 100vw, 300px\" \/><br \/>\n<strong>C.N.I.P.M.M.R. Arad \u2013 Rom\u00e9nia <\/strong><\/h3>\n<p>Conselho Nacional das PMEs Privadas na Rom\u00e9nia &#8211; Sec\u00e7\u00e3o Arad (C.N.I.P.M.M.R. Arad) foi fundado em 2004 como uma confedera\u00e7\u00e3o regional representativa com estatuto jur\u00eddico, independente, sem fins lucrativos e sem filia\u00e7\u00f5es pol\u00edticas.<\/p>\n<p>A nossa miss\u00e3o, tal como estabelecida h\u00e1 18 anos, \u00e9 representar os interesses das PMEs de Arad e das associa\u00e7\u00f5es patronais a n\u00edvel local, regional, nacional e internacional, promover e apoiar o desenvolvimento do empreendedorismo, e aumentar a competitividade do ambiente empresarial na Rom\u00e9nia Ocidental.<\/p>\n<p>A C.N.I.P.M.M.M.R. Arad realiza atividades tanto de representa\u00e7\u00e3o como de aconselhamento para as PME em geral, e para as empresas que s\u00e3o seus membros em particular. Com uma s\u00f3lida forma\u00e7\u00e3o e experi\u00eancia, a organiza\u00e7\u00e3o implementou com sucesso 25 projectos financiados pela Europa com um valor total superior a 5,5 milh\u00f5es de euros, contribuindo para o desenvolvimento dos recursos humanos em termos de forma\u00e7\u00e3o profissional para os empregados das empresas. Apoiando a cria\u00e7\u00e3o de novas empresas, outra hist\u00f3ria de sucesso da associa\u00e7\u00e3o, C.N.I.P.M.M.R. Arad contribuiu definitivamente para o desenvolvimento do empreendedorismo na Rom\u00e9nia Ocidental.<\/p>\n<p>Permanentemente preocupada com o avan\u00e7o da comunidade empresarial local, a C.N.I.P.M.M.M.R. Arad desenvolveu uma rede s\u00f3lida com associa\u00e7\u00f5es econ\u00f3micas em todo o mundo. Juntamente com os seus parceiros, a associa\u00e7\u00e3o empresarial deseja alcan\u00e7ar todos os interessados envolvidos no atual progresso econ\u00f3mico e social e na inova\u00e7\u00e3o.<\/p>\n<p><strong>Redes sociais:<\/strong><\/p>\n<p>Facebook:\u00a0<a href=\"https:\/\/www.facebook.com\/cnipmmr.arad\">https:\/\/www.facebook.com\/cnipmmr.arad<\/a><\/p>\n<p>LinkedIn: <a href=\"https:\/\/www.linkedin.com\/in\/cnipmmr-arad-24338842\/\">https:\/\/www.linkedin.com\/in\/cnipmmr-arad-24338842\/<\/a><\/p>\n<hr \/>\n<h3 style=\"text-align: center;\"><img decoding=\"async\" class=\"alignnone wp-image-90 size-full\" src=\"https:\/\/inc.erasmus.site\/wp-content\/uploads\/2022\/07\/ades.png\" alt=\"\" width=\"300\" height=\"300\" srcset=\"https:\/\/inc.erasmus.site\/wp-content\/uploads\/2022\/07\/ades.png 300w, https:\/\/inc.erasmus.site\/wp-content\/uploads\/2022\/07\/ades-150x150.png 150w, https:\/\/inc.erasmus.site\/wp-content\/uploads\/2022\/07\/ades-24x24.png 24w, https:\/\/inc.erasmus.site\/wp-content\/uploads\/2022\/07\/ades-36x36.png 36w, https:\/\/inc.erasmus.site\/wp-content\/uploads\/2022\/07\/ades-48x48.png 48w\" sizes=\"(max-width: 300px) 100vw, 300px\" \/><br \/>\n<strong>ADES &#8211; Rom\u00e9nia<\/strong><\/h3>\n<p>(Associa\u00e7\u00e3o para o Desenvolvimento Econ\u00f3mico e Social) de Curtea de Arges, Rom\u00e9nia, \u00e9 uma organiza\u00e7\u00e3o sem fins lucrativos que se tornou uma entidade legal (ONG) em junho de 1995. A miss\u00e3o da ADES \u00e9 criar uma mudan\u00e7a social e econ\u00f3mica positiva nas comunidades em toda a Rom\u00e9nia, de uma forma profissional, \u00e9tica e respons\u00e1vel.<\/p>\n<p>A equipa da ADES tem como objetivo desenvolver compet\u00eancias pessoais e profissionais, apoiar o desenvolvimento e expans\u00e3o das PMEs, melhorar as condi\u00e7\u00f5es sociais e econ\u00f3micas nas comunidades locais.<\/p>\n<p>Desde 1995, ADES tem desenvolvido e implementado com sucesso mais de 50 projetos financiados pela Uni\u00e3o Europeia, Banco Mundial, Embaixada dos EUA, Programa Europeu de Desenvolvimento Empresarial, Funda\u00e7\u00e3o para uma Sociedade Aberta, Charity Know How Fund, etc. A ADES tem trabalhado com grande proximidade com as comunidades, fontes de financiamento e parceiros de implementa\u00e7\u00e3o (Autoridades P\u00fablicas Locais, empresas, ONGs e escolas) para executar projetos de desenvolvimento s\u00f3cio-econ\u00f3mico.<\/p>\n<p><strong>Redes Sociais:<\/strong><\/p>\n<p><a href=\"https:\/\/www.facebook.com\/ADESCDA\/\">www.facebook.com\/ADESCDA\/<\/a><\/p>\n<p><a href=\"https:\/\/www.linkedin.com\/company\/43363632\">https:\/\/www.linkedin.com\/company\/43363632<\/a>.<\/p>\n<hr \/>\n<h3 style=\"text-align: center;\"><img decoding=\"async\" class=\"alignnone wp-image-91 size-full\" src=\"https:\/\/inc.erasmus.site\/wp-content\/uploads\/2022\/07\/danmar.png\" alt=\"\" width=\"300\" height=\"300\" srcset=\"https:\/\/inc.erasmus.site\/wp-content\/uploads\/2022\/07\/danmar.png 300w, https:\/\/inc.erasmus.site\/wp-content\/uploads\/2022\/07\/danmar-150x150.png 150w, https:\/\/inc.erasmus.site\/wp-content\/uploads\/2022\/07\/danmar-24x24.png 24w, https:\/\/inc.erasmus.site\/wp-content\/uploads\/2022\/07\/danmar-36x36.png 36w, https:\/\/inc.erasmus.site\/wp-content\/uploads\/2022\/07\/danmar-48x48.png 48w\" sizes=\"(max-width: 300px) 100vw, 300px\" \/><br \/>\n<strong>Danmar Computers \u2013 Pol\u00f3nia<br \/>\n<\/strong><\/h3>\n<p>Danmar Computers LLC \u00e9 uma empresa privada que opera no campo das Tecnologias de Informa\u00e7\u00e3o e que fornece forma\u00e7\u00e3o profissional neste campo. Danmar tem uma vasta experi\u00eancia no desenvolvimento de aplica\u00e7\u00f5es Web e m\u00f3veis modernas, que s\u00e3o utilizadas para fins educativos. Danmar tem tamb\u00e9m experi\u00eancia de longo prazo na realiza\u00e7\u00e3o de projetos europeus no \u00e2mbito dos quais o pessoal de I&amp;D da empresa efetua investiga\u00e7\u00e3o e prepara forma\u00e7\u00e3o adaptada \u00e0s necessidades dos v\u00e1rios formandos. Durante 22 anos, a Danmar implementou com sucesso mais de 100 projetos no \u00e2mbito de Grundtvig, Leonardo da Vinci, Progress e Erasmus+. Em muitos destes projetos, a Danmar foi respons\u00e1vel pela conce\u00e7\u00e3o e coordena\u00e7\u00e3o de estrat\u00e9gias de divulga\u00e7\u00e3o.<\/p>\n<p>Danmar Computers \u00e9 o criador e fornecedor de AdminProject, o sistema online para a gest\u00e3o de projetos europeus. Todas as atividades da empresa baseiam-se numa ampla e bem estabelecida rede de coopera\u00e7\u00e3o, tanto a n\u00edvel nacional como internacional. As redes nacionais incluem institui\u00e7\u00f5es de forma\u00e7\u00e3o e aconselhamento, universidades, escolas, organiza\u00e7\u00f5es n\u00e3o governamentais, bem como empresas do sector privado. As redes internacionais incluem parceiros de v\u00e1rios perfis provenientes de todos os pa\u00edses da Uni\u00e3o Europeia. A miss\u00e3o da Danmar Computer \u00e9 a promo\u00e7\u00e3o da educa\u00e7\u00e3o ao longo da vida e a garantia de acesso igualit\u00e1rio \u00e0 educa\u00e7\u00e3o para todos, com a utiliza\u00e7\u00e3o de tecnologia moderna.<\/p>\n<p><strong>Website: <\/strong><\/p>\n<p><a href=\"https:\/\/danmar-computers.com.pl\">https:\/\/danmar-computers.com.pl<\/a><\/p>\n<p><strong>Redes Sociais:<\/strong><\/p>\n<p>Facebook: <a href=\"https:\/\/www.facebook.com\/pages\/Danmar-Computers\/144597388897753\">https:\/\/www.facebook.com\/pages\/Danmar-Computers\/144597388897753<\/a><\/p>\n<p>LinkedIn: <a href=\"https:\/\/www.linkedin.com\/company\/danmar-computers\">https:\/\/www.linkedin.com\/company\/danmar-computers<\/a><\/p>\n<p>Twitter: <a href=\"https:\/\/twitter.com\/DanmarComputers\">https:\/\/twitter.com\/DanmarComputers<\/a><\/p>\n<hr \/>\n<h3 style=\"text-align: center;\"><img loading=\"lazy\" decoding=\"async\" class=\"alignnone wp-image-92 size-full\" src=\"https:\/\/inc.erasmus.site\/wp-content\/uploads\/2022\/07\/ed.png\" alt=\"\" width=\"300\" height=\"300\" srcset=\"https:\/\/inc.erasmus.site\/wp-content\/uploads\/2022\/07\/ed.png 300w, https:\/\/inc.erasmus.site\/wp-content\/uploads\/2022\/07\/ed-150x150.png 150w, https:\/\/inc.erasmus.site\/wp-content\/uploads\/2022\/07\/ed-24x24.png 24w, https:\/\/inc.erasmus.site\/wp-content\/uploads\/2022\/07\/ed-36x36.png 36w, https:\/\/inc.erasmus.site\/wp-content\/uploads\/2022\/07\/ed-48x48.png 48w\" sizes=\"(max-width: 300px) 100vw, 300px\" \/><br \/>\n<strong>E&amp;D Knowledge Consulting, Lda &#8211; Portugal<\/strong><\/h3>\n<p>E&amp;D Knowledge Consulting \u00e9 uma empresa de consultoria e forma\u00e7\u00e3o profissional especializada no apoio ao desenvolvimento das compet\u00eancias necess\u00e1rias para a promo\u00e7\u00e3o da inova\u00e7\u00e3o nos sectores empresarial, p\u00fablico e social. As principais atividades da E&amp;D est\u00e3o centradas em fornecer aos gestores e empres\u00e1rios as compet\u00eancias, conhecimentos e ferramentas necess\u00e1rias para implementar e executar com sucesso estrat\u00e9gias de inova\u00e7\u00e3o nas suas organiza\u00e7\u00f5es, mas tamb\u00e9m para fomentar a inova\u00e7\u00e3o no seu ambiente.<\/p>\n<p>A E&amp;D apoia as organiza\u00e7\u00f5es a fazer da inova\u00e7\u00e3o uma parte do seu ADN &#8211; desde auditorias de inova\u00e7\u00e3o, passando pelo apoio \u00e0 defini\u00e7\u00e3o e implementa\u00e7\u00e3o de estrat\u00e9gias de inova\u00e7\u00e3o, at\u00e9 ao desenvolvimento de processos e mecanismos de inova\u00e7\u00e3o adaptados \u00e0s necessidades individuais de cada organiza\u00e7\u00e3o.<\/p>\n<p>Enquanto os produtos de E&amp;D s\u00e3o definidos individualmente com base nas necessidades espec\u00edficas de cada organiza\u00e7\u00e3o, os t\u00f3picos mais abordados por E&amp;D abrangem:<\/p>\n<ul>\n<li>A constru\u00e7\u00e3o de uma compreens\u00e3o adequada da inova\u00e7\u00e3o entre os profissionais dos sectores n\u00e3o e de baixa tecnologia (especialmente nos sectores do turismo e hotelaria, agroalimentar, industrial e de servi\u00e7os) e a sua capacidade de implementar o processo de inova\u00e7\u00e3o e transformar os seus esfor\u00e7os de inova\u00e7\u00e3o em lucro (financeiro, bem como social),<\/li>\n<li>Desenvolvimento e inova\u00e7\u00e3o de modelos empresariais, com especial \u00eanfase na sua aplica\u00e7\u00e3o para a constru\u00e7\u00e3o de resist\u00eancia \u00e0s mudan\u00e7as do mercado e constru\u00e7\u00e3o de estrat\u00e9gias orientadas para a inova\u00e7\u00e3o para a sustentabilidade econ\u00f3mica,<\/li>\n<li>Apoio a processos criativos e idealiza\u00e7\u00e3o para a inova\u00e7\u00e3o,<\/li>\n<li>Desenvolvimento da mentalidade de inova\u00e7\u00e3o entre indiv\u00edduos e entre organiza\u00e7\u00f5es,<\/li>\n<li>Desenvolvimento de mecanismos e cultura para a inova\u00e7\u00e3o,<\/li>\n<li>Desenvolvimento de compet\u00eancias empreendedoras e soft skills,<\/li>\n<li>Colabora\u00e7\u00e3o para a inova\u00e7\u00e3o (compet\u00eancias, mecanismos e ferramentas para a constru\u00e7\u00e3o de rela\u00e7\u00f5es e inova\u00e7\u00e3o aberta).<\/li>\n<\/ul>\n<p><strong>Website:<\/strong><\/p>\n<p><a href=\"http:\/\/www.ed-knowledgeconsulting.com\/\">www.ed-knowledgeconsulting.com\/<\/a><\/p>\n<p><strong>Redes Sociais<\/strong><\/p>\n<p>LinkedIn &#8211; <a href=\"https:\/\/www.linkedin.com\/company\/17921189\/\">https:\/\/www.linkedin.com\/company\/17921189\/<\/a><\/p>\n<p>FB &#8211; <a href=\"https:\/\/www.facebook.com\/EDKnowledgeConsulting\">https:\/\/www.facebook.com\/EDKnowledgeConsulting<\/a><\/p>\n<hr \/>\n<h3 style=\"text-align: center;\"><img loading=\"lazy\" decoding=\"async\" class=\"alignnone wp-image-93 size-full\" src=\"https:\/\/inc.erasmus.site\/wp-content\/uploads\/2022\/07\/inno.png\" alt=\"\" width=\"300\" height=\"300\" srcset=\"https:\/\/inc.erasmus.site\/wp-content\/uploads\/2022\/07\/inno.png 300w, https:\/\/inc.erasmus.site\/wp-content\/uploads\/2022\/07\/inno-150x150.png 150w, https:\/\/inc.erasmus.site\/wp-content\/uploads\/2022\/07\/inno-24x24.png 24w, https:\/\/inc.erasmus.site\/wp-content\/uploads\/2022\/07\/inno-36x36.png 36w, https:\/\/inc.erasmus.site\/wp-content\/uploads\/2022\/07\/inno-48x48.png 48w\" sizes=\"(max-width: 300px) 100vw, 300px\" \/><br \/>\n<strong>Valencia INNO HUB <\/strong><\/h3>\n<p>Val\u00eancia Inno Hub (Innohub) \u00e9 uma organiza\u00e7\u00e3o espanhola sem fins lucrativos localizada em Val\u00eancia, nascida com o objetivo de justar talento \u00e1 tecnologia, bem como desenvolvimento pessoal e profissional. O seu objetivo \u00e9 promover a inova\u00e7\u00e3o e novas solu\u00e7\u00f5es tecnol\u00f3gicas que garantam um futuro melhor atrav\u00e9s de a\u00e7\u00f5es de apoio a um ambiente inovador, com foco especial em grupos que t\u00eam uma certa desvantagem econ\u00f3mica ou social.<\/p>\n<p>A Innohub acredita na necessidade de mudar o modelo econ\u00f3mico de modo a criar uma economia mais competitiva e de valor acrescentado, facilitando as ferramentas necess\u00e1rias para as nossas empresas e indiv\u00edduos, e apoio aos jovens para garantir que a referida mudan\u00e7a se perpetue a tempo.<\/p>\n<p>Atrav\u00e9s da tutoria e forma\u00e7\u00e3o, a Innohub pretende gerar um impacto social positivo. A Innohub apoia jovens, empres\u00e1rios, migrantes e indiv\u00edduos de grupos desfavorecidos que enfrentam diferentes fatores de exclus\u00e3o: jovens e adultos com dificuldades educativas, nacionais de pa\u00edses terceiros, etc., capacitando-os e construindo as suas compet\u00eancias empresariais e de autoemprego, a fim de alcan\u00e7ar a sua inclus\u00e3o socioecon\u00f3mica.<\/p>\n<p>Atualmente, a Innohub colabora com uma vasta gama de agentes econ\u00f3micos, tanto p\u00fablicos como privados.\u00a0 Nos \u00faltimos anos, a Innohub adquiriu uma importante experi\u00eancia na implementa\u00e7\u00e3o de projetos da UE, que desenvolveu a possibilidade de chegar a mais indiv\u00edduos e organiza\u00e7\u00f5es que podem tirar partido dos servi\u00e7os da Innohub. Permitiu tamb\u00e9m alargar a rede de contactos locais, nacionais e internacionais, o que enriquece as possibilidades da associa\u00e7\u00e3o nas suas atividades di\u00e1rias.<\/p>\n<p><strong>Website:<\/strong> <a href=\"http:\/\/www.valenciainnohub.com\/\">www.valenciainnohub.com<\/a><\/p>\n<p><strong>Redes Sociais: <\/strong><\/p>\n<ul>\n<li>Facebook: <a href=\"https:\/\/www.facebook.com\/valenciainnohub\">https:\/\/www.facebook.com\/valenciainnohub<\/a><\/li>\n<li>LinkedIn: <a href=\"https:\/\/www.linkedin.com\/company\/54107639\/\">https:\/\/www.linkedin.com\/company\/54107639\/<\/a><\/li>\n<\/ul>\n<p><\/p>","protected":false},"excerpt":{"rendered":"<p>C.N.I.P.M.M.R. Arad \u2013 Rom\u00e9nia Conselho Nacional das PMEs Privadas na Rom\u00e9nia &#8211; Sec\u00e7\u00e3o Arad (C.N.I.P.M.M.R. Arad) foi fundado em 2004 como uma confedera\u00e7\u00e3o regional representativa com estatuto jur\u00eddico, independente, sem fins lucrativos e sem filia\u00e7\u00f5es pol\u00edticas. A nossa miss\u00e3o, tal como estabelecida h\u00e1 18 anos, \u00e9 representar os interesses das PMEs de Arad e das&hellip;&nbsp;<a href=\"https:\/\/inc.erasmus.site\/pt\/project-partners\/\" rel=\"bookmark\">Ler mais &raquo;<span class=\"screen-reader-text\">Parceiros<\/span><\/a><\/p>\n","protected":false},"author":1,"featured_media":106,"parent":0,"menu_order":0,"comment_status":"closed","ping_status":"closed","template":"","meta":{"neve_meta_sidebar":"","neve_meta_container":"","neve_meta_enable_content_width":"off","neve_meta_content_width":100,"neve_meta_title_alignment":"","neve_meta_author_avatar":"","neve_post_elements_order":"","neve_meta_disable_header":"","neve_meta_disable_footer":"","neve_meta_disable_title":"","footnotes":""},"class_list":["post-104","page","type-page","status-publish","has-post-thumbnail","hentry"],"_links":{"self":[{"href":"https:\/\/inc.erasmus.site\/pt\/wp-json\/wp\/v2\/pages\/104","targetHints":{"allow":["GET"]}}],"collection":[{"href":"https:\/\/inc.erasmus.site\/pt\/wp-json\/wp\/v2\/pages"}],"about":[{"href":"https:\/\/inc.erasmus.site\/pt\/wp-json\/wp\/v2\/types\/page"}],"author":[{"embeddable":true,"href":"https:\/\/inc.erasmus.site\/pt\/wp-json\/wp\/v2\/users\/1"}],"replies":[{"embeddable":true,"href":"https:\/\/inc.erasmus.site\/pt\/wp-json\/wp\/v2\/comments?post=104"}],"version-history":[{"count":9,"href":"https:\/\/inc.erasmus.site\/pt\/wp-json\/wp\/v2\/pages\/104\/revisions"}],"predecessor-version":[{"id":279,"href":"https:\/\/inc.erasmus.site\/pt\/wp-json\/wp\/v2\/pages\/104\/revisions\/279"}],"wp:featuredmedia":[{"embeddable":true,"href":"https:\/\/inc.erasmus.site\/pt\/wp-json\/wp\/v2\/media\/106"}],"wp:attachment":[{"href":"https:\/\/inc.erasmus.site\/pt\/wp-json\/wp\/v2\/media?parent=104"}],"curies":[{"name":"wp","href":"https:\/\/api.w.org\/{rel}","templated":true}]}}